{"id":114,"date":"2015-04-13T18:54:03","date_gmt":"2015-04-13T17:54:03","guid":{"rendered":"http:\/\/adretmorvan.org\/?page_id=114"},"modified":"2015-04-13T18:54:03","modified_gmt":"2015-04-13T17:54:03","slug":"une-association-dediee-pour-gerer-le-site","status":"publish","type":"page","link":"https:\/\/adretmorvan.org\/index.php\/une-association-dediee-pour-gerer-le-site\/","title":{"rendered":"Une association d\u00e9di\u00e9e pour g\u00e9rer le site"},"content":{"rendered":"<p> L&#8217;association Sycomore a \u00e9t\u00e9 cr\u00e9e en 2014 pour g\u00e9rer le site. Une assembl\u00e9e g\u00e9n\u00e9rale est programm\u00e9e le 25 avril \u00e0 18h avant une soir\u00e9e festive pour inaugurer la fin de la premi\u00e8re tranche de travaux. Elle marquera les vrais d\u00e9marrages de l&#8217;association et vous pouvez y adh\u00e9rer d\u00e8s maintenant en t\u00e9l\u00e9chargeant le bulletin d&#8217;adh\u00e9sion ici.            <\/p>\n","protected":false},"excerpt":{"rendered":"<p>L&#8217;association Sycomore a \u00e9t\u00e9 cr\u00e9e en 2014 pour g\u00e9rer le site. Une assembl\u00e9e g\u00e9n\u00e9rale est programm\u00e9e le 25 avril \u00e0 18h avant une soir\u00e9e festive pour inaugurer la fin de&#8230;<\/p>\n","protected":false},"author":1,"featured_media":0,"parent":0,"menu_order":0,"comment_status":"closed","ping_status":"open","template":"","meta":{"footnotes":""},"class_list":["post-114","page","type-page","status-publish","hentry"],"_links":{"self":[{"href":"https:\/\/adretmorvan.org\/index.php\/wp-json\/wp\/v2\/pages\/114","targetHints":{"allow":["GET"]}}],"collection":[{"href":"https:\/\/adretmorvan.org\/index.php\/wp-json\/wp\/v2\/pages"}],"about":[{"href":"https:\/\/adretmorvan.org\/index.php\/wp-json\/wp\/v2\/types\/page"}],"author":[{"embeddable":true,"href":"https:\/\/adretmorvan.org\/index.php\/wp-json\/wp\/v2\/users\/1"}],"replies":[{"embeddable":true,"href":"https:\/\/adretmorvan.org\/index.php\/wp-json\/wp\/v2\/comments?post=114"}],"version-history":[{"count":0,"href":"https:\/\/adretmorvan.org\/index.php\/wp-json\/wp\/v2\/pages\/114\/revisions"}],"wp:attachment":[{"href":"https:\/\/adretmorvan.org\/index.php\/wp-json\/wp\/v2\/media?parent=114"}],"curies":[{"name":"wp","href":"https:\/\/api.w.org\/{rel}","templated":true}]}}